{"id":17,"date":"2026-03-28T16:50:31","date_gmt":"2026-03-28T16:50:31","guid":{"rendered":"https:\/\/www.praxisschell.de\/?page_id=17"},"modified":"2026-04-07T19:20:06","modified_gmt":"2026-04-07T19:20:06","slug":"praxis-carsten-schell","status":"publish","type":"page","link":"https:\/\/www.praxisschell.de\/","title":{"rendered":"Praxis Carsten Schell"},"content":{"rendered":"\n<div style=\"height:25px\" aria-hidden=\"true\" class=\"wp-block-spacer\"><\/div>\n\n\n\n<h2 class=\"wp-block-heading has-text-align-center\">Psychotherapeutische Praxis f\u00fcr Kinder, Jugendliche und junge Erwachsene<\/h2>\n\n\n\n<div style=\"height:10px\" aria-hidden=\"true\" class=\"wp-block-spacer\"><\/div>\n\n\n\n<p class=\"has-text-align-center\">Herzlich Willkommen <br>in der psychotherapeutischen Praxis <br>von Carsten Schell in Leingarten.<\/p>\n\n\n\n<div class=\"wp-block-group alignfull has-global-padding is-layout-constrained wp-container-core-group-is-layout-f611be13 wp-block-group-is-layout-constrained\" style=\"padding-top:var(--wp--preset--spacing--50);padding-right:var(--wp--preset--spacing--50);padding-bottom:var(--wp--preset--spacing--50);padding-left:var(--wp--preset--spacing--50)\">\n<div class=\"wp-block-group has-global-padding is-layout-constrained wp-container-core-group-is-layout-f750054b wp-block-group-is-layout-constrained\">\n<div class=\"wp-block-columns is-layout-flex wp-container-core-columns-is-layout-28f84493 wp-block-columns-is-layout-flex\">\n<div class=\"wp-block-column is-layout-flow wp-block-column-is-layout-flow\">\n<figure class=\"wp-block-image size-large\"><img loading=\"lazy\" decoding=\"async\" width=\"772\" height=\"1024\" src=\"https:\/\/www.praxisschell.de\/wp-content\/uploads\/2026\/03\/Carsten-Schell-002-772x1024.jpg\" alt=\"\" class=\"wp-image-23\" srcset=\"https:\/\/www.praxisschell.de\/wp-content\/uploads\/2026\/03\/Carsten-Schell-002-772x1024.jpg 772w, https:\/\/www.praxisschell.de\/wp-content\/uploads\/2026\/03\/Carsten-Schell-002-226x300.jpg 226w, https:\/\/www.praxisschell.de\/wp-content\/uploads\/2026\/03\/Carsten-Schell-002-768x1019.jpg 768w, https:\/\/www.praxisschell.de\/wp-content\/uploads\/2026\/03\/Carsten-Schell-002-1157x1536.jpg 1157w, https:\/\/www.praxisschell.de\/wp-content\/uploads\/2026\/03\/Carsten-Schell-002.jpg 1507w\" sizes=\"auto, (max-width: 772px) 100vw, 772px\" \/><\/figure>\n<\/div>\n\n\n\n<div class=\"wp-block-column is-layout-flow wp-block-column-is-layout-flow\">\n<p class=\"has-medium-font-size\" style=\"margin-right:var(--wp--preset--spacing--20);margin-left:var(--wp--preset--spacing--20)\"><strong>Carsten Schell<\/strong><br>Psychotherapeut<\/p>\n\n\n\n<p class=\"has-small-font-size\" style=\"margin-right:var(--wp--preset--spacing--20);margin-left:var(--wp--preset--spacing--20)\">Ich bin approbierter Verhaltenstherapeut im Bereich Kinder, Jugendliche und junge Erwachsene seit 2018. Nach dem ich 2018\/2019 in der Praxis Jana Mack in Bad Wimpfen gearbeitet hatte, bin ich nun seit 2020 in Leingarten mit einem ambulanten Angebot t\u00e4tig. Vor meiner Approbation im Richtlinienverfahren Verhaltenstherapie habe ich mich psychoanalytisch in meinem Studium fortgebildet.<\/p>\n<\/div>\n<\/div>\n<\/div>\n\n\n\n<p><\/p>\n\n\n\n<div data-wp-context=\"{ &quot;autoclose&quot;: false, &quot;accordionItems&quot;: [] }\" data-wp-interactive=\"core\/accordion\" role=\"group\" class=\"wp-block-accordion is-layout-flow wp-block-accordion-is-layout-flow\">\n<div data-wp-class--is-open=\"state.isOpen\" data-wp-context=\"{ &quot;id&quot;: &quot;accordion-item-1&quot;, &quot;openByDefault&quot;: false }\" data-wp-init=\"callbacks.initAccordionItems\" data-wp-on-window--hashchange=\"callbacks.hashChange\" class=\"wp-block-accordion-item is-layout-flow wp-block-accordion-item-is-layout-flow\">\n<h3 class=\"wp-block-accordion-heading\"><button aria-expanded=\"false\" aria-controls=\"accordion-item-1-panel\" data-wp-bind--aria-expanded=\"state.isOpen\" data-wp-on--click=\"actions.toggle\" data-wp-on--keydown=\"actions.handleKeyDown\" id=\"accordion-item-1\" type=\"button\" class=\"wp-block-accordion-heading__toggle\"><span class=\"wp-block-accordion-heading__toggle-title\"><strong>Vita<\/strong> &gt;<\/span><span class=\"wp-block-accordion-heading__toggle-icon\" aria-hidden=\"true\">+<\/span><\/button><\/h3>\n\n\n\n<div inert aria-labelledby=\"accordion-item-1\" data-wp-bind--inert=\"!state.isOpen\" id=\"accordion-item-1-panel\" role=\"region\" class=\"wp-block-accordion-panel is-layout-flow wp-block-accordion-panel-is-layout-flow\">\n<h4 class=\"wp-block-heading\">Berufserfahrungen <\/h4>\n\n\n\n<p><strong>2008-2011 <br><\/strong>Sozialarbeiter in der akzeptierenden &#8211; niedrigschwelligen Drogenhilfe IDH (Integrative Drogenhilfe) in Frankfurt am Main im Bereich Konsumraum \/ aufsuchende Sozialarbeit <\/p>\n\n\n\n<p><strong>2008-2013 <br><\/strong>Wissenschaftlicher Mitarbeiter \/ Doktorand am Centre for Drug Research an der Goethe-Universit\u00e4t in Frankfurt am Main im Bereich Suchtforschung <\/p>\n\n\n\n<p><strong>2013-2015 <br><\/strong>Psychotherapeut in Ausbildung in der Institutsambulanz des SZVT (Zentrum f\u00fcr Psychotherapie) in Stuttgart im Bereich Gruppentherapien <\/p>\n\n\n\n<p><strong>2015-2016 <br><\/strong>Psychotherapeut in Ausbildung am ZFP Weinsberg auf der Kinderstation und JADE-Station (Jugend, Alkohol- und Drogenentzug)\/ Einzel- und Gruppentherapien <\/p>\n\n\n\n<p><strong>2016-2018 <br><\/strong>Psychotherapeut in Ausbildung in der Lehrpraxis Reimer in Weinsberg \/ Einzeltherapien <\/p>\n\n\n\n<p><strong>2018-2020 <br><\/strong>Angestellter Psychotherapeut in der Praxis Mack in Bad Wimpfen <\/p>\n\n\n\n<p><strong>seit 2020 <br><\/strong>Selbstst\u00e4ndig in eigener Praxis in Leingarten <\/p>\n\n\n\n<p><\/p>\n\n\n\n<h4 class=\"wp-block-heading\"><br>Qualifikationen<\/h4>\n\n\n\n<p><strong>2001-2007 <br><\/strong>Studium an der Goethe- Universit\u00e4t Frankfurt am Fachbereich Geistes- und Erziehungswissenschaften: Psychologie, Soziologie und P\u00e4dagogik; Abschluss: Diplomp\u00e4dagoge <\/p>\n\n\n\n<p><strong>2008-2010 <br><\/strong>Psychoanalytische Ausbildung am Sigmund-Freud Institut Frankfurt am Main <\/p>\n\n\n\n<p><strong>2013-2018 <br><\/strong>Verhaltenstherapeutische Ausbildung am SZVT Stuttgart; Erlangung der Approbation <\/p>\n\n\n\n<p><strong>2016-2018 <br><\/strong>Gruppentherapeutische Ausbildung am SZVT Stuttgart <\/p>\n\n\n\n<p><strong>ab 2018 <br><\/strong>Fort- und Weiterbildungen in den Bereichen Schematherapie, ACT-Therapie (Acceptance- and Commitment- Therapy), hypnoanalytische Teiletherapie<\/p>\n<\/div>\n<\/div>\n<\/div>\n<\/div>\n\n\n\n<div class=\"wp-block-group alignfull has-base-2-background-color has-background has-global-padding is-layout-constrained wp-container-core-group-is-layout-669513ed wp-block-group-is-layout-constrained\" style=\"margin-top:0;margin-bottom:0;padding-top:var(--wp--preset--spacing--50);padding-right:var(--wp--preset--spacing--50);padding-bottom:var(--wp--preset--spacing--50);padding-left:var(--wp--preset--spacing--50)\">\n<div class=\"wp-block-group is-vertical is-content-justification-center is-layout-flex wp-container-core-group-is-layout-52b864f0 wp-block-group-is-layout-flex\">\n<h2 class=\"wp-block-heading has-text-align-center is-style-default has-text-color has-link-color wp-elements-c0d7eea0d941aed7a2f8e1e3136544f1\" style=\"color:#73925a\">Mein Behandlungsangebot<\/h2>\n\n\n\n<div style=\"height:0px\" aria-hidden=\"true\" class=\"wp-block-spacer wp-container-content-4f2ccadb\"><\/div>\n\n\n\n<p class=\"has-text-align-center\">In meiner Praxis begleite ich Kinder, Jugendliche und junge Erwachsene bis zum 21. Lebensjahr auf ihrem Weg durch herausfordernde Lebensphasen. Die Behandlung orientiert sich an wissenschaftlich anerkannten St\u00f6rungsbildern nach ICD\u201110 und wird individuell auf die Bed\u00fcrfnisse jedes jungen Menschen abgestimmt, um Stabilit\u00e4t, Klarheit und neue Handlungsm\u00f6glichkeiten zu f\u00f6rdern.<\/p>\n<\/div>\n\n\n\n<p class=\"has-text-align-center\">Das Behandlungsangebot umfasst<br><br><strong>Depressionen<\/strong><br><strong>Angstst\u00f6rungen<\/strong><br><strong>Zwangsst\u00f6rungen<\/strong><br><strong>Essst\u00f6rungen<\/strong><br><strong>Pers\u00f6nlichkeitsst\u00f6rungen<\/strong><br><strong>Anpassungsst\u00f6rungen <\/strong><br>(Bsp. Trauerarbeit nach Todesfall) <strong><br>psychosomatische oder somatoforme St\u00f6rungen<\/strong><\/p>\n<\/div>\n\n\n\n<div class=\"wp-block-group alignfull has-global-padding is-layout-constrained wp-container-core-group-is-layout-d89aad35 wp-block-group-is-layout-constrained\" style=\"margin-top:0;margin-bottom:0;padding-top:var(--wp--preset--spacing--50);padding-right:var(--wp--preset--spacing--50);padding-bottom:var(--wp--preset--spacing--50);padding-left:var(--wp--preset--spacing--50)\">\n<div class=\"wp-block-group alignwide has-global-padding is-layout-constrained wp-container-core-group-is-layout-19e250f3 wp-block-group-is-layout-constrained\">\n<div class=\"wp-block-group is-vertical is-content-justification-center is-layout-flex wp-container-core-group-is-layout-6329a8f3 wp-block-group-is-layout-flex\">\n<h2 class=\"wp-block-heading has-text-align-center is-style-default\">Termine &amp; Sprechstunde<\/h2>\n\n\n\n<p class=\"has-text-align-center\">Termine werden individuell vereinbart und orientieren sich an den Bed\u00fcrfnissen der jungen Patientinnen und Patienten. Zus\u00e4tzlich besteht die M\u00f6glichkeit, vorab die Psychotherapeutische Sprechstunde zu nutzen. Sie dient dem ersten Kennenlernen, der Abkl\u00e4rung des Anliegens und der Einsch\u00e4tzung weiterer Schritte.<\/p>\n<\/div>\n\n\n\n<div style=\"height:var(--wp--preset--spacing--40)\" aria-hidden=\"true\" class=\"wp-block-spacer\"><\/div>\n\n\n\n<div class=\"wp-block-columns alignwide is-layout-flex wp-container-core-columns-is-layout-d1c656ed wp-block-columns-is-layout-flex\">\n<div class=\"wp-block-column is-vertically-aligned-center is-layout-flow wp-block-column-is-layout-flow\" style=\"flex-basis:40%\">\n<h3 class=\"wp-block-heading is-style-default\">Psychotherapeutische Sprechstunde<\/h3>\n\n\n\n<ul style=\"line-height:1.75\" class=\"wp-block-list is-style-checkmark-list\">\n<li>Erstes Kennenlernen und Orientierungsgespr\u00e4ch<\/li>\n\n\n\n<li>Kl\u00e4rung des Anliegens sowie der aktuellen Belastungen<\/li>\n\n\n\n<li>Einsch\u00e4tzung des Unterst\u00fctzungsbedarfs<\/li>\n\n\n\n<li>Information zu therapeutischen Angeboten<\/li>\n\n\n\n<li>Entscheidungshilfe, ob eine weiterf\u00fchrende Behandlung sinnvoll ist<\/li>\n<\/ul>\n<\/div>\n\n\n\n<div class=\"wp-block-column is-layout-flow wp-block-column-is-layout-flow\" style=\"flex-basis:50%\">\n<h3 class=\"wp-block-heading is-style-default\">Psychotherapie<\/h3>\n\n\n\n<p>Die Praxis steht Patientinnen und Patienten unabh\u00e4ngig der Art der Kosten\u00fcbernahme offen. Die M\u00f6glichkeiten werden transparent erl\u00e4utert und individuell abgestimmt. <br><br>Die Psychotherapie ist m\u00f6glich f\u00fcr<\/p>\n\n\n\n<ul style=\"line-height:1.75\" class=\"wp-block-list is-style-checkmark-list\">\n<li><strong>Gesetzlich Versicherte<\/strong><\/li>\n\n\n\n<li><strong>Privat Versicherte<\/strong><\/li>\n\n\n\n<li><strong>Selbstzahler<\/strong><\/li>\n<\/ul>\n<\/div>\n<\/div>\n<\/div>\n<\/div>\n\n\n\n<div class=\"wp-block-group alignwide has-base-2-background-color has-background has-global-padding is-layout-constrained wp-container-core-group-is-layout-f1a9b7be wp-block-group-is-layout-constrained\" style=\"border-radius:16px;padding-top:var(--wp--preset--spacing--30);padding-right:var(--wp--preset--spacing--50);padding-bottom:var(--wp--preset--spacing--30);padding-left:var(--wp--preset--spacing--50)\">\n<div style=\"height:var(--wp--preset--spacing--10)\" aria-hidden=\"true\" class=\"wp-block-spacer\"><\/div>\n\n\n\n<h2 class=\"wp-block-heading has-text-align-center has-x-large-font-size\">Gruppentherapie<\/h2>\n\n\n\n<p class=\"has-text-align-center\">Die Gruppentherapie bietet jungen Menschen einen strukturierten und gesch\u00fctzten Rahmen, um gemeinsam an pers\u00f6nlichen Themen zu arbeiten. In der Gruppe entstehen Austausch, Verst\u00e4ndnis und neue Perspektiven, die in diesem Rahmen oft leichter zug\u00e4nglich sind. Soziale Kompetenzen werden gest\u00e4rkt, eigene Muster k\u00f6nnen besser erkannt werden, und das gemeinsame Erleben f\u00f6rdert Sicherheit und Selbstwirksamkeit.<\/p>\n\n\n\n<p class=\"has-text-align-center has-text-color has-link-color wp-elements-574225bffd4c2844228b1cb4375c8abc\" style=\"color:#73925a\">Bei Interesse an einer Teilnahme oder Fragen zum Ablauf <br>kann gerne Kontakt aufgenommen werden.<\/p>\n\n\n\n<p><\/p>\n<\/div>\n\n\n\n<div class=\"wp-block-group alignfull has-global-padding is-layout-constrained wp-container-core-group-is-layout-32a46761 wp-block-group-is-layout-constrained\" style=\"margin-top:0;margin-bottom:0;padding-top:var(--wp--preset--spacing--40);padding-right:var(--wp--preset--spacing--50);padding-bottom:var(--wp--preset--spacing--40);padding-left:var(--wp--preset--spacing--50)\"><\/div>\n\n\n\n<div class=\"wp-block-group alignfull has-base-color has-accent-4-background-color has-text-color has-background has-global-padding is-layout-constrained wp-container-core-group-is-layout-1e3a208a wp-block-group-is-layout-constrained\" style=\"margin-top:0;margin-bottom:0;padding-top:var(--wp--preset--spacing--40);padding-right:var(--wp--preset--spacing--60);padding-bottom:var(--wp--preset--spacing--40);padding-left:var(--wp--preset--spacing--60)\">\n<div class=\"wp-block-group has-global-padding is-layout-constrained wp-block-group-is-layout-constrained\">\n<p class=\"has-text-align-center has-base-color has-text-color has-heading-font-family has-x-large-font-size\" style=\"line-height:1.2\"><em>\u201eErkenne dich selbst\u201c<\/em> <br><em>Sokrates<\/em><\/p>\n<\/div>\n<\/div>\n\n\n\n<div class=\"wp-block-group alignfull has-global-padding is-layout-constrained wp-container-core-group-is-layout-2df14bad wp-block-group-is-layout-constrained\" style=\"margin-top:0;margin-bottom:0;padding-top:var(--wp--preset--spacing--10);padding-right:var(--wp--preset--spacing--50);padding-bottom:var(--wp--preset--spacing--10);padding-left:var(--wp--preset--spacing--50)\"><\/div>\n\n\n\n<p class=\"has-small-font-size\">Bitte beachten Sie, dass Termine f\u00fcr die psychotherapeutische Sprechstunde zeitnah vergeben werden k\u00f6nnen, hingegen Termine f\u00fcr die Therapie einen l\u00e4ngeren Zeitraum in Anspruch nehmen k\u00f6nnen. Die Sprechstunde dient der der Diagnostik bzw. Abkl\u00e4rung der Probleme, der Feststellung einer Indikation (Notwendigkeit einer Behandlung) und der Planung weiterer Behandlungsschritte.<\/p>\n\n\n\n<div style=\"height:20px\" aria-hidden=\"true\" class=\"wp-block-spacer\"><\/div>\n\n\n\n<h2 class=\"wp-block-heading\">Anfrage f\u00fcr Psychotherapie<\/h2>\n\n\n<style id=\"wpforms-css-vars-140-block-6b1cbb28-d418-4efb-9d95-ffb8d6f02752\">\n\t\t\t\t#wpforms-140.wpforms-block-6b1cbb28-d418-4efb-9d95-ffb8d6f02752 {\n\t\t\t\t--wpforms-label-color: #262626;\n--wpforms-label-sublabel-color: #7f7f7f;\n--wpforms-label-error-color: #ff0000;\n--wpforms-page-break-color: #dddddd;\n--wpforms-field-border-radius: 0px;\n--wpforms-field-border-color: #cccccc;\n--wpforms-field-border-color-spare: #cccccc;\n--wpforms-field-text-color: #444444;\n--wpforms-button-border-style: solid;\n--wpforms-button-border-radius: 0px;\n--wpforms-button-background-color: #dddddd;\n--wpforms-button-text-color: #666666;\n--wpforms-button-border-color: #cccccc;\n--wpforms-field-size-input-height: 43px;\n--wpforms-field-size-input-spacing: 15px;\n--wpforms-field-size-font-size: 16px;\n--wpforms-field-size-line-height: 19px;\n--wpforms-field-size-padding-h: 14px;\n--wpforms-field-size-checkbox-size: 16px;\n--wpforms-field-size-sublabel-spacing: 5px;\n--wpforms-field-size-icon-size: 1;\n--wpforms-label-size-font-size: 14px;\n--wpforms-label-size-line-height: 17px;\n--wpforms-label-size-sublabel-font-size: 13px;\n--wpforms-label-size-sublabel-line-height: 16px;\n--wpforms-button-size-font-size: 17px;\n--wpforms-button-size-height: 41px;\n--wpforms-button-size-padding-h: 15px;\n--wpforms-button-size-margin-top: 10px;\n\t\t\t}\n\t\t\t<\/style><div class=\"wpforms-container wpforms-container-full wpforms-block wpforms-block-6b1cbb28-d418-4efb-9d95-ffb8d6f02752 wpforms-render-modern\" id=\"wpforms-140\"><form id=\"wpforms-form-140\" class=\"wpforms-validate wpforms-form wpforms-ajax-form\" data-formid=\"140\" method=\"post\" enctype=\"multipart\/form-data\" action=\"\/index.php\/wp-json\/wp\/v2\/pages\/17\" data-token=\"380246dabb4e30ff4fdc51fb21031311\" data-token-time=\"1777674566\"><noscript class=\"wpforms-error-noscript\">Bitte aktiviere JavaScript in deinem Browser, um dieses Formular fertigzustellen.<\/noscript><div id=\"wpforms-error-noscript\" style=\"display: none;\">Bitte aktiviere JavaScript in deinem Browser, um dieses Formular fertigzustellen.<\/div><div class=\"wpforms-field-container\"><div id=\"wpforms-140-field_1-container\" class=\"wpforms-field wpforms-field-name\" data-field-id=\"1\"><fieldset><legend class=\"wpforms-field-label\">Angaben zur Person <span class=\"wpforms-required-label\" aria-hidden=\"true\">*<\/span><\/legend><div class=\"wpforms-field-row wpforms-field-large\"><div class=\"wpforms-field-row-block wpforms-first wpforms-one-half\"><input type=\"text\" id=\"wpforms-140-field_1\" class=\"wpforms-field-name-first wpforms-field-required\" name=\"wpforms[fields][1][first]\" aria-errormessage=\"wpforms-140-field_1-error\" required><label for=\"wpforms-140-field_1\" class=\"wpforms-field-sublabel after\">Vorname<\/label><\/div><div class=\"wpforms-field-row-block wpforms-one-half\"><input type=\"text\" id=\"wpforms-140-field_1-last\" class=\"wpforms-field-name-last wpforms-field-required\" name=\"wpforms[fields][1][last]\" aria-errormessage=\"wpforms-140-field_1-last-error\" required><label for=\"wpforms-140-field_1-last\" class=\"wpforms-field-sublabel after\">Nachname<\/label><\/div><\/div><\/fieldset><\/div><div id=\"wpforms-140-field_5-container\" class=\"wpforms-field wpforms-field-text\" data-field-id=\"5\"><label class=\"wpforms-field-label\" for=\"wpforms-140-field_5\">Name der sorgeberechtigten Person(en)<\/label><input type=\"text\" id=\"wpforms-140-field_5\" class=\"wpforms-field-medium\" name=\"wpforms[fields][5]\" aria-errormessage=\"wpforms-140-field_5-error\" ><\/div><div id=\"wpforms-140-field_6-container\" class=\"wpforms-field wpforms-field-number\" data-field-id=\"6\"><label class=\"wpforms-field-label\" for=\"wpforms-140-field_6\">Alter <span class=\"wpforms-required-label\" aria-hidden=\"true\">*<\/span><\/label><input type=\"number\" id=\"wpforms-140-field_6\" class=\"wpforms-field-medium wpforms-field-required\" name=\"wpforms[fields][6]\" step=\"any\" aria-errormessage=\"wpforms-140-field_6-error\" required><\/div><div id=\"wpforms-140-field_7-container\" class=\"wpforms-field wpforms-field-select wpforms-field-select-style-classic\" data-field-id=\"7\"><label class=\"wpforms-field-label\" for=\"wpforms-140-field_7\">Geschlecht <span class=\"wpforms-required-label\" aria-hidden=\"true\">*<\/span><\/label><select id=\"wpforms-140-field_7\" class=\"wpforms-field-medium wpforms-field-required\" name=\"wpforms[fields][7]\" required=\"required\"><option value=\"\" class=\"placeholder\" disabled  selected='selected'>&#8211; Bitte ausw\u00e4hlen &#8211;<\/option><option value=\"M\u00e4nnlich\"  class=\"choice-1 depth-1\"  >M\u00e4nnlich<\/option><option value=\"Weiblich\"  class=\"choice-2 depth-1\"  >Weiblich<\/option><option value=\"Divers\"  class=\"choice-3 depth-1\"  >Divers<\/option><option value=\"-\"  class=\"choice-4 depth-1\"  >&#8211;<\/option><\/select><\/div><div id=\"wpforms-140-field_8-container\" class=\"wpforms-field wpforms-field-text\" data-field-id=\"8\"><label class=\"wpforms-field-label\" for=\"wpforms-140-field_8\">Wohnort <span class=\"wpforms-required-label\" aria-hidden=\"true\">*<\/span><\/label><input type=\"text\" id=\"wpforms-140-field_8\" class=\"wpforms-field-medium wpforms-field-required\" name=\"wpforms[fields][8]\" aria-errormessage=\"wpforms-140-field_8-error\" required><\/div><div id=\"wpforms-140-field_2-container\" class=\"wpforms-field wpforms-field-email\" data-field-id=\"2\"><label class=\"wpforms-field-label\" for=\"wpforms-140-field_2\">E-Mail-Adresse <span class=\"wpforms-required-label\" aria-hidden=\"true\">*<\/span><\/label><input type=\"email\" id=\"wpforms-140-field_2\" class=\"wpforms-field-medium wpforms-field-required\" name=\"wpforms[fields][2]\" spellcheck=\"false\" aria-errormessage=\"wpforms-140-field_2-error\" required><\/div><div id=\"wpforms-140-field_9-container\" class=\"wpforms-field wpforms-field-text\" data-field-id=\"9\"><label class=\"wpforms-field-label\" for=\"wpforms-140-field_9\">Telefon <span class=\"wpforms-required-label\" aria-hidden=\"true\">*<\/span><\/label><input type=\"text\" id=\"wpforms-140-field_9\" class=\"wpforms-field-medium wpforms-field-required\" name=\"wpforms[fields][9]\" aria-errormessage=\"wpforms-140-field_9-error\" required><\/div><div id=\"wpforms-140-field_10-container\" class=\"wpforms-field wpforms-field-select wpforms-field-select-style-classic\" data-field-id=\"10\"><label class=\"wpforms-field-label\" for=\"wpforms-140-field_10\">Kosten\u00fcbernahme <span class=\"wpforms-required-label\" aria-hidden=\"true\">*<\/span><\/label><select id=\"wpforms-140-field_10\" class=\"wpforms-field-medium wpforms-field-required\" name=\"wpforms[fields][10]\" required=\"required\"><option value=\"\" class=\"placeholder\" disabled  selected='selected'>&#8211; Bitte ausw\u00e4hlen &#8211;<\/option><option value=\"Gesetzlich versichert\"  class=\"choice-1 depth-1\"  >Gesetzlich versichert<\/option><option value=\"Privat versichert\"  class=\"choice-2 depth-1\"  >Privat versichert<\/option><option value=\"Selbstzahler\/-in\"  class=\"choice-3 depth-1\"  >Selbstzahler\/-in<\/option><\/select><\/div><div id=\"wpforms-140-field_12-container\" class=\"wpforms-field wpforms-field-text\" data-field-id=\"12\"><label class=\"wpforms-field-label\" for=\"wpforms-140-field_12\">Krankenversicherung<\/label><input type=\"text\" id=\"wpforms-140-field_12\" class=\"wpforms-field-medium\" name=\"wpforms[fields][12]\" aria-errormessage=\"wpforms-140-field_12-error\" ><\/div><div id=\"wpforms-140-field_14-container\" class=\"wpforms-field wpforms-field-select wpforms-field-select-style-classic\" data-field-id=\"14\"><label class=\"wpforms-field-label\" for=\"wpforms-140-field_14\">Ich bin zus\u00e4tzlich an einer Gruppentherapie interessiert <span class=\"wpforms-required-label\" aria-hidden=\"true\">*<\/span><\/label><select id=\"wpforms-140-field_14\" class=\"wpforms-field-medium wpforms-field-required\" name=\"wpforms[fields][14]\" required=\"required\"><option value=\"\" class=\"placeholder\" disabled  selected='selected'>&#8211; Bitte ausw\u00e4hlen &#8211;<\/option><option value=\"Ja\"  class=\"choice-1 depth-1\"  >Ja<\/option><option value=\"Nein\"  class=\"choice-2 depth-1\"  >Nein<\/option><\/select><\/div><div id=\"wpforms-140-field_3-container\" class=\"wpforms-field wpforms-field-textarea\" data-field-id=\"3\"><label class=\"wpforms-field-label\" for=\"wpforms-140-field_3\">Anfrage <span class=\"wpforms-required-label\" aria-hidden=\"true\">*<\/span><\/label><textarea id=\"wpforms-140-field_3\" class=\"wpforms-field-medium wpforms-field-required\" name=\"wpforms[fields][3]\" aria-errormessage=\"wpforms-140-field_3-error\" required><\/textarea><\/div>\t\t<div id=\"wpforms-140-field_4-container\"\n\t\t\tclass=\"wpforms-field wpforms-field-text\"\n\t\t\tdata-field-type=\"text\"\n\t\t\tdata-field-id=\"4\"\n\t\t\t>\n\t\t\t<label class=\"wpforms-field-label\" for=\"wpforms-140-field_4\" >Einwilligung Telefon Kosten\u00fcbernahme<\/label>\n\t\t\t<input type=\"text\" id=\"wpforms-140-field_4\" class=\"wpforms-field-medium\" name=\"wpforms[fields][4]\" >\n\t\t<\/div>\n\t\t<div id=\"wpforms-140-field_18-container\" class=\"wpforms-field wpforms-field-checkbox\" data-field-id=\"18\"><fieldset><legend class=\"wpforms-field-label\">Einwilligung Datenverarbeitung <span class=\"wpforms-required-label\" aria-hidden=\"true\">*<\/span><\/legend><ul id=\"wpforms-140-field_18\" class=\"wpforms-field-required\"><li class=\"choice-1 depth-1\"><input type=\"checkbox\" id=\"wpforms-140-field_18_1\" name=\"wpforms[fields][18][]\" value=\"Ich willige ein, dass meine Angaben zur Beantwortung meiner Anfrage verarbeitet und gespeichert werden. Die Einwilligung kann ich jederzeit widerrufen.\" aria-errormessage=\"wpforms-140-field_18_1-error\" required ><label class=\"wpforms-field-label-inline\" for=\"wpforms-140-field_18_1\">Ich willige ein, dass meine Angaben zur Beantwortung meiner Anfrage verarbeitet und gespeichert werden. Die Einwilligung kann ich jederzeit widerrufen.<\/label><\/li><\/ul><\/fieldset><\/div><script>\n\t\t\t\t( function() {\n\t\t\t\t\tconst style = document.createElement( 'style' );\n\t\t\t\t\tstyle.appendChild( document.createTextNode( '#wpforms-140-field_4-container { position: absolute !important; overflow: hidden !important; display: inline !important; height: 1px !important; width: 1px !important; z-index: -1000 !important; padding: 0 !important; } #wpforms-140-field_4-container input { visibility: hidden; } #wpforms-conversational-form-page #wpforms-140-field_4-container label { counter-increment: none; }' ) );\n\t\t\t\t\tdocument.head.appendChild( style );\n\t\t\t\t\tdocument.currentScript?.remove();\n\t\t\t\t} )();\n\t\t\t<\/script><\/div><!-- .wpforms-field-container --><div class=\"wpforms-submit-container\" ><input type=\"hidden\" name=\"wpforms[id]\" value=\"140\"><input type=\"hidden\" name=\"page_title\" value=\"\"><input type=\"hidden\" name=\"page_url\" value=\"https:\/\/www.praxisschell.de\/index.php\/wp-json\/wp\/v2\/pages\/17\"><input type=\"hidden\" name=\"url_referer\" value=\"\"><button type=\"submit\" name=\"wpforms[submit]\" id=\"wpforms-submit-140\" class=\"wpforms-submit\" data-alt-text=\"Wird gesendet\u00a0\u2026\" data-submit-text=\"Anfrage senden\" aria-live=\"assertive\" value=\"wpforms-submit\">Anfrage senden<\/button><img loading=\"lazy\" decoding=\"async\" src=\"https:\/\/www.praxisschell.de\/wp-content\/plugins\/wpforms-lite\/assets\/images\/submit-spin.svg\" class=\"wpforms-submit-spinner\" style=\"display: none;\" width=\"26\" height=\"26\" alt=\"Wird geladen\"><\/div><\/form><\/div>  <!-- .wpforms-container -->","protected":false},"excerpt":{"rendered":"<p>Psychotherapeutische Praxis f\u00fcr Kinder, Jugendliche und junge Erwachsene Herzlich Willkommen in der psychotherapeutischen Praxis von Carsten Schell in Leingarten. Carsten SchellPsychotherapeut Ich bin approbierter Verhaltenstherapeut im Bereich Kinder, Jugendliche und junge Erwachsene seit 2018. Nach dem ich 2018\/2019 in der Praxis Jana Mack in Bad Wimpfen gearbeitet hatte, bin ich nun seit 2020 in Leingarten [&hellip;]<\/p>\n","protected":false},"author":1,"featured_media":0,"parent":0,"menu_order":0,"comment_status":"closed","ping_status":"closed","template":"page-no-title","meta":{"footnotes":""},"class_list":["post-17","page","type-page","status-publish","hentry"],"_links":{"self":[{"href":"https:\/\/www.praxisschell.de\/index.php\/wp-json\/wp\/v2\/pages\/17","targetHints":{"allow":["GET"]}}],"collection":[{"href":"https:\/\/www.praxisschell.de\/index.php\/wp-json\/wp\/v2\/pages"}],"about":[{"href":"https:\/\/www.praxisschell.de\/index.php\/wp-json\/wp\/v2\/types\/page"}],"author":[{"embeddable":true,"href":"https:\/\/www.praxisschell.de\/index.php\/wp-json\/wp\/v2\/users\/1"}],"replies":[{"embeddable":true,"href":"https:\/\/www.praxisschell.de\/index.php\/wp-json\/wp\/v2\/comments?post=17"}],"version-history":[{"count":101,"href":"https:\/\/www.praxisschell.de\/index.php\/wp-json\/wp\/v2\/pages\/17\/revisions"}],"predecessor-version":[{"id":235,"href":"https:\/\/www.praxisschell.de\/index.php\/wp-json\/wp\/v2\/pages\/17\/revisions\/235"}],"wp:attachment":[{"href":"https:\/\/www.praxisschell.de\/index.php\/wp-json\/wp\/v2\/media?parent=17"}],"curies":[{"name":"wp","href":"https:\/\/api.w.org\/{rel}","templated":true}]}}